{"id":109,"date":"2020-10-20T21:41:36","date_gmt":"2020-10-20T21:41:36","guid":{"rendered":"https:\/\/verbumsacrum.pl\/?page_id=109"},"modified":"2026-03-29T12:31:12","modified_gmt":"2026-03-29T12:31:12","slug":"wykladowcy","status":"publish","type":"page","link":"https:\/\/verbumsacrum.pl\/?page_id=109","title":{"rendered":"Wyk\u0142adowcy"},"content":{"rendered":"\n<p>Alfabetyczny wykaz pracownik\u00f3w Lubelskiej Szko\u0142y Biblijnej oraz wyk\u0142adowc\u00f3w biblistyki w KUL przed powstaniem Szko\u0142y Biblijnej w 1956 r. Po nazwisku i imieniu podano lata pracy w KUL. W nawiasie podano lata studi\u00f3w w rzymskim &#8222;Biblicum&#8221; lub jerozolimskiej \u00c9cole Biblique (EBAF) oraz stopie\u0144, z jakim zosta\u0142y te szko\u0142y uko\u0144czone.<\/p>\n\n\n\n<ol class=\"wp-block-list\">\n<li><a href=\"https:\/\/pl.wikipedia.org\/wiki\/J%C3%B3zef_Archutowski\">Archutowski J\u00f3zef<\/a> \u2013 1918\u20131920<\/li>\n\n\n\n<li><a href=\"https:\/\/www.kul.pl\/ks-dr-tomasz-bak,art_56205.html\">B\u0105k Tomasz<\/a> \u2013 2014\u2013&nbsp; (2005\u20132014, doktorat)<\/li>\n\n\n\n<li><a href=\"https:\/\/pl.wikipedia.org\/wiki\/Krzysztof_Bieli%C5%84ski\">Bieli\u0144ski Krzysztof&nbsp;CSsR<\/a> \u2013 2012\u20132013 (doktorat w Monachium)<\/li>\n\n\n\n<li><a href=\"https:\/\/pl.wikipedia.org\/wiki\/Stanis%C5%82aw_Cinal\">Cinal Stanis\u0142aw&nbsp;SAC<\/a> \u2013 1964\u20131971 (1959\u20131962, licencjat)<\/li>\n\n\n\n<li><a href=\"https:\/\/pl.wikipedia.org\/wiki\/Eugeniusz_D%C4%85browski_(duchowny)\">D\u0105browski Eugeniusz<\/a> \u2013 1954\u20131959 (1926\u20131939, doktorat)<\/li>\n\n\n\n<li><a href=\"https:\/\/pl.wikipedia.org\/wiki\/Henryk_Drawnel\">Drawnel Henryk SDB<\/a> \u2013 2005\u2013 (1992\u20131995; 1996\u20131997, doktorat)<\/li>\n\n\n\n<li><a href=\"https:\/\/pl.wikipedia.org\/wiki\/Dariusz_Dziadosz\">Dziadosz Dariusz<\/a> \u2013 2003\u2013 (1995\u20131999, doktorat)<\/li>\n\n\n\n<li><a href=\"https:\/\/www.kul.pl\/o-gondulf-cyryl-edward-fermont-ofmcap,art_91294.html\">Fermont Gondulf C. Edward&nbsp;OFMCap.<\/a> \u2013 1919\u20131926, 1945\u20131949 (1913-1915, licencjat)<\/li>\n\n\n\n<li><a href=\"https:\/\/pl.wikipedia.org\/wiki\/Marian_Filipiak\">Filipiak Marian<\/a> \u2013 1966\u20131984 (1970\u20131971, licencjat)<\/li>\n\n\n\n<li><a href=\"https:\/\/pl.wikipedia.org\/wiki\/Feliks_Gryglewicz\">Gryglewicz Feliks<\/a> \u2013 1950\u20131979 (1932\u20131933)<\/li>\n\n\n\n<li><a href=\"https:\/\/pl.wikipedia.org\/wiki\/Stanis%C5%82aw_Grzybek\">Grzybek Stanis\u0142aw<\/a> \u2013 1962\u20131964<\/li>\n\n\n\n<li><a href=\"https:\/\/pl.wikipedia.org\/wiki\/Stanis%C5%82aw_Har%C4%99zga\">Har\u0119zga Stanis\u0142aw<\/a> \u2013 2001\u20132015 (1984\u20131986, licencjat)<\/li>\n\n\n\n<li><a href=\"https:\/\/www.kul.pl\/o-hubert-jozef-hoemaeker-ofmcap,art_91292.html\">Hoemaeker Hubert J\u00f3zef OFMCap.<\/a> \u2013 1928-1939 (1918, licencjat)<\/li>\n\n\n\n<li><a href=\"https:\/\/pl.wikipedia.org\/wiki\/J%C3%B3zef_Homerski\">Homerski J\u00f3zef<\/a> \u2013 1972\u20131992 (1957\u20131960, licencjat)<\/li>\n\n\n\n<li><a href=\"https:\/\/pl.wikipedia.org\/wiki\/Augustyn_Jankowski\">Jankowski Augustyn OSB<\/a> \u2013 1962\u20131963 (1946\u20131948, licencjat)<\/li>\n\n\n\n<li><a href=\"http:\/\/www.norbertinum.pl\/autor\/350\/Andrzej-Kiejza\">Kiejza Andrzej OFMCap.<\/a> \u2013 1998\u20132012 (1989\u20131993, licencjat)<\/li>\n\n\n\n<li><a href=\"https:\/\/pracownik.kul.pl\/krzysztof.kinowski\" target=\"_blank\" rel=\"noreferrer noopener\">Kinowski Krzysztof<\/a> \u2013 2022\u2013 (2007\u20132016, doktorat)<\/li>\n\n\n\n<li>Kondracki Andrzej SDB \u2013 1996\u20131999 (1987\u20131991, doktorat)<\/li>\n\n\n\n<li><a href=\"https:\/\/pl.wikipedia.org\/wiki\/Piotr_Kot\">Kot Piotr<\/a> \u2013 2024\u2013 (2007-2011, licencjat)<\/li>\n\n\n\n<li><a href=\"https:\/\/www.kul.pl\/ks-dr-hab-marcin-kowalski,art_41274.html\">Kowalski Marcin<\/a> \u2013 2011\u2013 (2003\u20132009, doktorat)<\/li>\n\n\n\n<li><a href=\"https:\/\/pl.wikipedia.org\/wiki\/J%C3%B3zef_Kruszy%C5%84ski\">Kruszy\u0144ski J\u00f3zef<\/a> \u2013 1923-1939<\/li>\n\n\n\n<li><a href=\"https:\/\/www.kul.pl\/ks-dr-hab-adam-kubis,art_40104.html\">Kubi\u015b Adam<\/a> \u2013 2012\u2013 (2002-2006, licencjat; 2011 \u2013 doktorat w EBAF)<\/li>\n\n\n\n<li><a href=\"https:\/\/pl.wikipedia.org\/wiki\/J%C3%B3zef_Kudasiewicz\">Kudasiewicz J\u00f3zef<\/a> \u2013 1961\u20132001 (1957\u20131961, <em>candidatus ad doctoratum<\/em>)<\/li>\n\n\n\n<li><a href=\"https:\/\/pl.wikipedia.org\/wiki\/Stanis%C5%82aw_Kur\">Kur Stanis\u0142aw<\/a> \u2013 1972- (1963-1966, licencjat)<\/li>\n\n\n\n<li><a href=\"https:\/\/pl.wikipedia.org\/wiki\/Hugolin_Langkammer\">Langkammer Hugolin OFM<\/a> \u2013 1967\u20132004 (1963\u20131965, doktorat)<\/li>\n\n\n\n<li><a href=\"https:\/\/pl.wikipedia.org\/wiki\/Stanis%C5%82aw_%C5%81ach\">\u0141ach Stanis\u0142aw<\/a> \u2013 1952\u20131976 (1936\u20131938, licencjat)<\/li>\n\n\n\n<li><a href=\"https:\/\/www.kul.pl\/ks-dr-tomasz-mazurek,art_112079.html\" target=\"_blank\" rel=\"noreferrer noopener\">Mazurek Tomasz<\/a> \u2013 2025\u2013 (2015-2023, doktorat)<\/li>\n\n\n\n<li><a href=\"https:\/\/pl.wikipedia.org\/wiki\/Krzysztof_Mielcarek\">Mielcarek Krzysztof <\/a>\u2013 1999\u2013 (1997\u20131999, licencjat)<\/li>\n\n\n\n<li><a href=\"https:\/\/pl.wikipedia.org\/wiki\/J%C3%B3zef_Milik\">Milik J\u00f3zef Tadeusz<\/a> \u2013 1944\u20131946 (1946\u20131949, <em>candidatus ad doctoratum<\/em>)<\/li>\n\n\n\n<li><a href=\"https:\/\/www.kul.pl\/ks-dr-krzysztof-napora-sci,art_40323.html\">Napora Krzysztof SCJ<\/a> \u2013 2012\u2013&nbsp; (2002-2006, licencjat; 2012 \u2013 doktorat w EBAF)<\/li>\n\n\n\n<li>Ordon Hubert SDS \u2013 1978\u20132004 (1974\u20131976, licencjat)<\/li>\n\n\n\n<li><a href=\"https:\/\/pl.wikipedia.org\/wiki\/Antoni_Paciorek\">Paciorek Antoni<\/a> \u2013 1996\u20132012 (1975\u20131977, licencjat)<\/li>\n\n\n\n<li><a href=\"https:\/\/pl.wikipedia.org\/wiki\/J%C3%B3zef_Pa%C5%9Bciak\">Pa\u015bciak J\u00f3zef OP<\/a> \u2013 1962\u20131965 (1946\u20131948, EBAF, <em>candidatus ad doctoratum<\/em>) <\/li>\n\n\n\n<li><a href=\"https:\/\/pl.wikipedia.org\/wiki\/Wojciech_Pikor\">Pikor Wojciech<\/a> \u2013 2003\u20132014 (1996\u20131999, licencjat)<\/li>\n\n\n\n<li><a href=\"https:\/\/www.kul.pl\/ks-dr-hab-andrzej-piwowar,art_3993.html\">Piwowar Andrzej<\/a> \u2013 2005\u2013 (1997\u20132001, licencjat)<\/li>\n\n\n\n<li><a href=\"https:\/\/oblaci.pl\/2020\/05\/03\/w-popielewski-omi-pierwsza-biblie-ofiarowala-mi-ciocia-do-dzis-pamietam-jakie-emocje-mi-towarzyszyly-tamtego-wieczoru-mialem-moja-pierwsza-biblie\/\">Popielewski Wojciech OMI<\/a> \u2013 2011\u20132012 (1995\u20131998, licencjat)<\/li>\n\n\n\n<li><a href=\"http:\/\/www.pbp.webd.pl\/tkop1\/potockistanislaw.pdf\" target=\"_blank\" rel=\"noreferrer noopener\">Potocki Stanis\u0142aw<\/a> \u2013 1985\u20131993 (1963\u20131964, licencjat)<\/li>\n\n\n\n<li><a href=\"https:\/\/pl.wikipedia.org\/wiki\/Waldemar_Rakocy\">Rakocy Waldemar CM<\/a> \u2013 1994\u20132017 (1985\u20131989, licencjat)<\/li>\n\n\n\n<li><a href=\"https:\/\/pl.wikipedia.org\/wiki\/Kazimierz_Romaniuk\">Romaniuk Kazimierz<\/a> \u2013 1962\u20131976 (1956\u20131959, doktorat)<\/li>\n\n\n\n<li><a href=\"https:\/\/pl.wikipedia.org\/wiki\/Ryszard_Rubinkiewicz\">Rubinkiewicz Ryszard SDB<\/a> \u2013 1977\u20132008 (1969\u20131972, doktorat)<\/li>\n\n\n\n<li><a href=\"https:\/\/pl.wikipedia.org\/wiki\/Ryszard_Sikora\">Sikora Adam Ryszard OFM<\/a> \u2013 1994\u20131997 (1989\u20131993, licencjat)<\/li>\n\n\n\n<li><a href=\"https:\/\/pl.wikipedia.org\/wiki\/Lech_Stachowiak\">Stachowiak Lech Remigiusz<\/a> \u2013 1966\u20131996 (1955\u20131958, doktorat)<\/li>\n\n\n\n<li><a href=\"https:\/\/pl.wikipedia.org\/wiki\/Jan_Piotr_St%C4%99pie%C5%84\">St\u0119pie\u0144 Jan<\/a> \u2013 1961\u20131968 (1936\u20131939, <em>candidatus ad doctoratum<\/em>)<\/li>\n\n\n\n<li><a href=\"https:\/\/pl.wikipedia.org\/wiki\/Henryk_Str%C4%85kowski\">Str\u0105kowski Henryk<\/a> \u2013 1944\u20131965<\/li>\n\n\n\n<li><a href=\"https:\/\/pl.wikipedia.org\/wiki\/Stanis%C5%82aw_Sty%C5%9B\">Sty\u015b Stanis\u0142aw SJ<\/a> \u2013 1944\u20131952 i 1956\u20131959 (1924\u20131927, licencjat)<\/li>\n\n\n\n<li>Suchy Jerzy \u2013 1992\u20131995 (1987\u20131990, licencjat)<\/li>\n\n\n\n<li><a href=\"https:\/\/www.kul.pl\/files\/324\/bibliografia\/szw_u.pdf\">Szwarc Urszula<\/a> \u2013 1982\u20132010 (1983\u20131985, licencjat)<\/li>\n\n\n\n<li><a href=\"https:\/\/www.kul.pl\/ks-prof-dr-hab-stefan-szymik,art_439.html\">Szymik Stefan MSF<\/a> \u2013 1995\u2013 (1991\u20131994, licencjat)<\/li>\n\n\n\n<li><a href=\"https:\/\/pl.wikipedia.org\/wiki\/Antoni_Tronina\">Tronina Antoni<\/a> \u2013 1976\u20132012 (1978\u20131980, licencjat)<\/li>\n\n\n\n<li><a href=\"https:\/\/pl.wikipedia.org\/wiki\/Tomasz_Wilczy%C5%84ski\">Wilczy\u0144ski Tomasz<\/a> \u2013 1932\u20131939, 1945\u20131956 (1928\u20131930, licencjat)<\/li>\n\n\n\n<li><a href=\"https:\/\/www.kul.pl\/ks-gabriel-witaszek-cssr,art_91310.html\" target=\"_blank\" rel=\"noreferrer noopener\">Witaszek Gabriel CSsR<\/a> \u2013 1993\u20132002 (1978\u20131981, licencjat)<\/li>\n\n\n\n<li><a href=\"https:\/\/www.kul.pl\/ks-prof-dr-hab-henryk-witczyk,art_441.html\">Witczyk Henryk<\/a> \u2013 1995\u2013 (1986\u20131989, <em>candidatus ad doctoratum<\/em>)<\/li>\n\n\n\n<li><a href=\"https:\/\/www.kul.pl\/ks-prof-dr-hab-miroslaw-stanislaw-wrobel,art_482.html\">Wr\u00f3bel Miros\u0142aw Stanis\u0142aw<\/a> \u2013 2000\u2013 (1995\u20131998, licencjat; 2003 \u2013 doktorat w EBAF)<\/li>\n\n\n\n<li>Zalewski Wojciech \u2013 1964\u20131965 (1965\u20131967, licencjat)<\/li>\n\n\n\n<li><a href=\"https:\/\/www.kul.pl\/ks-dr-arnold-zawadzki,art_28789.html\">Zawadzki Arnold J.<\/a> \u2013 2009\u2013 (1998\u20132001; 2002\u20132005; 2008\u20132009, doktorat)<\/li>\n\n\n\n<li><a href=\"https:\/\/www.kul.pl\/ks-dr-marcin-zielinski,art_54564.html\">Zieli\u0144ski Marcin<\/a> \u2013 2014\u2013 (2004\u20132008, licencjat)<\/li>\n<\/ol>\n\n\n\n<p>Publikacje pracownik\u00f3w Lubelskiej Szko\u0142y Biblijnej dost\u0119pne s\u0105 <strong><a href=\"https:\/\/dlibra.kul.pl\/dlibra\/collectiondescription\/222\">tutaj<\/a><\/strong>.<\/p>\n","protected":false},"excerpt":{"rendered":"<p class=\"excerpt\">Alfabetyczny wykaz pracownik\u00f3w Lubelskiej Szko\u0142y Biblijnej oraz wyk\u0142adowc\u00f3w biblistyki w KUL przed powstaniem Szko\u0142y Biblijnej w 1956 r. Po nazwisku i imieniu podano lata pracy w KUL. W nawiasie podano lata studi\u00f3w w rzymskim &#8222;Biblicum&#8221; lub jerozolimskiej \u00c9cole Biblique (EBAF) oraz stopie\u0144, z jakim zosta\u0142y te szko\u0142y uko\u0144czone. Publikacje pracownik\u00f3w Lubelskiej Szko\u0142y Biblijnej dost\u0119pne s\u0105 tutaj.<\/p>\n<p class=\"more-link-p\"><a class=\"btn btn-default\" href=\"https:\/\/verbumsacrum.pl\/?page_id=109\">Read more<\/a><\/p>\n","protected":false},"author":1,"featured_media":0,"parent":0,"menu_order":0,"comment_status":"closed","ping_status":"closed","template":"","meta":{"footnotes":""},"class_list":["post-109","page","type-page","status-publish","hentry"],"_links":{"self":[{"href":"https:\/\/verbumsacrum.pl\/index.php?rest_route=\/wp\/v2\/pages\/109","targetHints":{"allow":["GET"]}}],"collection":[{"href":"https:\/\/verbumsacrum.pl\/index.php?rest_route=\/wp\/v2\/pages"}],"about":[{"href":"https:\/\/verbumsacrum.pl\/index.php?rest_route=\/wp\/v2\/types\/page"}],"author":[{"embeddable":true,"href":"https:\/\/verbumsacrum.pl\/index.php?rest_route=\/wp\/v2\/users\/1"}],"replies":[{"embeddable":true,"href":"https:\/\/verbumsacrum.pl\/index.php?rest_route=%2Fwp%2Fv2%2Fcomments&post=109"}],"version-history":[{"count":27,"href":"https:\/\/verbumsacrum.pl\/index.php?rest_route=\/wp\/v2\/pages\/109\/revisions"}],"predecessor-version":[{"id":580,"href":"https:\/\/verbumsacrum.pl\/index.php?rest_route=\/wp\/v2\/pages\/109\/revisions\/580"}],"wp:attachment":[{"href":"https:\/\/verbumsacrum.pl\/index.php?rest_route=%2Fwp%2Fv2%2Fmedia&parent=109"}],"curies":[{"name":"wp","href":"https:\/\/api.w.org\/{rel}","templated":true}]}}